{"id":7340,"date":"2025-02-10T08:27:59","date_gmt":"2025-02-10T07:27:59","guid":{"rendered":"https:\/\/www.selenium-medical.com\/?page_id=7340"},"modified":"2025-12-24T16:21:44","modified_gmt":"2025-12-24T15:21:44","slug":"politica-de-rse","status":"publish","type":"page","link":"https:\/\/www.selenium-medical.com\/es\/nuestra-empresa\/politica-de-rse\/","title":{"rendered":"Pol\u00edtica de RSE"},"content":{"rendered":"<div class=\"wpb-content-wrapper\"><p>[vc_row][vc_column][vc_empty_space height=\u00bb50&#8243;][\/vc_column][\/vc_row][vc_row gap=\u00bb35&#8243; content_placement=\u00bbmiddle\u00bb][vc_column width=\u00bb1\/2&#8243;][vc_column_text css=\u00bb\u00bb el_class=\u00bbtitre-trait\u00bb]<\/p>\n<h2><strong>Nuestro planteamiento y compromisos en materia de RSE<\/strong><\/h2>\n<p>&nbsp;<\/p>\n<p style=\"font-weight: 400;\">Como actor de primer nivel en el mundo de la subcontrataci\u00f3n para el sector sanitario, la Responsabilidad Social Empresarial (RSE) no es una simple formalidad, sino una verdadera l\u00ednea de conducta. Plenamente conscientes de nuestro rol e impacto, nos comprometemos a adoptar un enfoque sostenible y \u00e9tico que concilie desempe\u00f1o econ\u00f3mico, respeto por el medio ambiente y bienestar de nuestros colaboradores. Nos aseguramos de que nuestro crecimiento se realice de manera responsable apoy\u00e1ndonos en cuatro pilares fundamentales.<\/p>\n<p>[\/vc_column_text][\/vc_column][vc_column width=\u00bb1\/2&#8243;][vc_single_image image=\u00bb5267&#8243; img_size=\u00bblarge\u00bb style=\u00bbvc_box_rounded\u00bb css=\u00bb\u00bb][\/vc_column][\/vc_row][vc_row][vc_column][vc_empty_space height=\u00bb32&#8243;][\/vc_column][\/vc_row][vc_row equal_height=\u00bbyes\u00bb content_placement=\u00bbtop\u00bb el_class=\u00bbimgs-ligne\u00bb][vc_column][vc_single_image image=\u00bb4970&#8243; img_size=\u00bblarge\u00bb style=\u00bbvc_box_rounded\u00bb css=\u00bb\u00bb][vc_single_image image=\u00bb5243&#8243; img_size=\u00bblarge\u00bb style=\u00bbvc_box_rounded\u00bb css=\u00bb\u00bb][vc_single_image image=\u00bb5248&#8243; img_size=\u00bblarge\u00bb style=\u00bbvc_box_rounded\u00bb css=\u00bb\u00bb][\/vc_column][\/vc_row][vc_row][vc_column][vc_empty_space height=\u00bb50&#8243;][\/vc_column][\/vc_row][vc_row full_width=\u00bbstretch_row\u00bb el_class=\u00bbfond-pale\u00bb][vc_column][vc_empty_space height=\u00bb50px\u00bb][vc_column_text css=\u00bb\u00bb]<\/p>\n<h2 style=\"font-weight: 400; text-align: center;\">Nuestro compromiso se basa en cuatro pilares fundamentales<\/h2>\n<p>[\/vc_column_text][vc_empty_space height=\u00bb30px\u00bb]\n<div class=\"bp-card row mb-3\">\n    \n    <div class=\"bp-card-right col-12 \">\n        <div class=\"bp-card-title d-flex align-items-center gap-2 mb-3\">\n                            <img decoding=\"async\" src=\"https:\/\/www.selenium-medical.com\/wp-content\/uploads\/2025\/02\/sprout.svg\" alt=\"\" style=\"width: 30px; height: 30px;\" class=\"img-fluid\">\n                        <h3 class=\"m-0\">Reducir nuestra huella medioambiental<\/h3>\n        <\/div>\n\n        <div class=\"bp-card-content\">\n            Como empresa del sector sanitario, somos plenamente conscientes de que nuestras decisiones afectan la salud del planeta y, por ende, la salud humana. Por ello, desde hace muchos a\u00f1os nos comprometemos activamente a reducir nuestra huella de carbono. Nuestros centros de producci\u00f3n y servicios de soporte integran de manera continua medidas destinadas a mejorar nuestro desempe\u00f1o ambiental en los procesos de fabricaci\u00f3n.        <\/div>\n    <\/div>\n<\/div>\n[vc_empty_space height=\u00bb5px\u00bb]\n<div class=\"bp-card row mb-3\">\n    \n    <div class=\"bp-card-right col-12 \">\n        <div class=\"bp-card-title d-flex align-items-center gap-2 mb-3\">\n                            <img decoding=\"async\" src=\"https:\/\/www.selenium-medical.com\/wp-content\/uploads\/2025\/02\/hand-heart.svg\" alt=\"\" style=\"width: 30px; height: 30px;\" class=\"img-fluid\">\n                        <h3 class=\"m-0\">Mejorar el bienestar y la calidad de vida laboral<\/h3>\n        <\/div>\n\n        <div class=\"bp-card-content\">\n            Sabemos que el bienestar y la calidad de vida en el trabajo son esenciales para el rendimiento y el desarrollo personal de cada uno. Por ello, implementamos iniciativas que fomentan un entorno laboral saludable, inclusivo y motivador. Nuestras acciones buscan mejorar de manera continua las condiciones de trabajo, fortalecer la cohesi\u00f3n del equipo y promover un equilibrio entre la vida profesional y personal.        <\/div>\n    <\/div>\n<\/div>\n[vc_empty_space height=\u00bb5px\u00bb]\n<div class=\"bp-card row mb-3\">\n    \n    <div class=\"bp-card-right col-12 \">\n        <div class=\"bp-card-title d-flex align-items-center gap-2 mb-3\">\n                            <img decoding=\"async\" src=\"https:\/\/www.selenium-medical.com\/wp-content\/uploads\/2025\/02\/heart-handshake.svg\" alt=\"\" style=\"width: 30px; height: 30px;\" class=\"img-fluid\">\n                        <h3 class=\"m-0\">Apoyar el desarrollo local y las grandes causas nacionales<\/h3>\n        <\/div>\n\n        <div class=\"bp-card-content\">\n            Nos comprometemos junto a actores locales y nacionales para contribuir a una econom\u00eda sostenible y solidaria. A trav\u00e9s de nuestras alianzas y nuestra participaci\u00f3n en iniciativas ciudadanas, contribuimos activamente al dinamismo de los territorios y a la construcci\u00f3n de un futuro m\u00e1s inclusivo.        <\/div>\n    <\/div>\n<\/div>\n[vc_empty_space height=\u00bb5px\u00bb]\n<div class=\"bp-card row mb-3\">\n    \n    <div class=\"bp-card-right col-12 \">\n        <div class=\"bp-card-title d-flex align-items-center gap-2 mb-3\">\n                            <img decoding=\"async\" src=\"https:\/\/www.selenium-medical.com\/wp-content\/uploads\/2025\/10\/shield-check.svg\" alt=\"\" style=\"width: 30px; height: 30px;\" class=\"img-fluid\">\n                        <h3 class=\"m-0\">Ser conforme y \u00e9tico<\/h3>\n        <\/div>\n\n        <div class=\"bp-card-content\">\n            La \u00e9tica y la integridad son valores fundamentales en Selenium Medical. Garantizamos pr\u00e1cticas comerciales transparentes y responsables.        <\/div>\n    <\/div>\n<\/div>\n[vc_empty_space height=\u00bb50px\u00bb][\/vc_column][\/vc_row][vc_row gap=\u00bb35&#8243; content_placement=\u00bbmiddle\u00bb][vc_column][vc_empty_space height=\u00bb50px\u00bb][vc_column_text css=\u00bb\u00bb el_class=\u00bbtitre-trait\u00bb]<\/p>\n<h2>\u00cdndice de igualdad profesional entre mujeres y hombres<\/h2>\n<p>[\/vc_column_text][vc_column_text css=\u00bb\u00bb el_class=\u00bbtitre-trait\u00bb]<\/p>\n<p data-start=\"347\" data-end=\"513\">En el marco de nuestro compromiso con la igualdad profesional, publicamos cada a\u00f1o nuestro \u00edndice de igualdad entre hombres y mujeres, tal como lo establece la legislaci\u00f3n.<\/p>\n<p data-start=\"357\" data-end=\"493\">Para el<strong> a\u00f1o 2024<\/strong>, nuestra empresa ha obtenido una puntuaci\u00f3n global de <strong data-start=\"428\" data-end=\"438\">87\/100<\/strong>. A continuaci\u00f3n, la distribuci\u00f3n de los indicadores:<\/p>\n<ul>\n<li><strong data-start=\"640\" data-end=\"679\">Brecha salarial entre mujeres y hombres (por edad y categor\u00eda de puesto equivalente): <\/strong><span style=\"color: #1952c2;\"><strong data-start=\"725\" data-end=\"734\">39\/40<br \/>\n<\/strong><\/span><span style=\"font-family: inherit;\">\u2192 Se observ\u00f3 una brecha a favor de las mujeres durante el per\u00edodo.<\/span><\/li>\n<\/ul>\n<ul>\n<li><strong data-start=\"807\" data-end=\"876\">Brecha en el porcentaje de aumentos individuales (incluidas promociones) :<\/strong> <span style=\"color: #1952c2;\"><strong data-start=\"879\" data-end=\"888\">25\/35<\/strong><\/span><br data-start=\"888\" data-end=\"891\" \/>\u2192 Tambi\u00e9n se observ\u00f3 una brecha a favor de las mujeres.<\/li>\n<\/ul>\n<ul>\n<li><strong data-start=\"814\" data-end=\"894\">N\u00famero de empleados del sexo subrepresentado entre los 10 salarios m\u00e1s altos <\/strong>: <span style=\"color: #1952c2;\"><span style=\"color: #1952c2;\"><strong data-start=\"1012\" data-end=\"1021\">10\/10<\/strong><\/span><\/span><\/li>\n<\/ul>\n<ul>\n<li><strong data-start=\"907\" data-end=\"945\">Retorno de licencia por maternidad<\/strong>: Indicador no calculable (no se registraron retornos en 2024).<\/li>\n<\/ul>\n<p>[\/vc_column_text][vc_empty_space height=\u00bb50px\u00bb][\/vc_column][\/vc_row][vc_row full_width=\u00bbstretch_row\u00bb disable_element=\u00bbyes\u00bb el_class=\u00bbfond-pale rangee-icones\u00bb][vc_column][vc_empty_space height=\u00bb100x\u00bb][vc_column_text css=\u00bb\u00bb]<\/p>\n<h2 style=\"text-align: center;\">Notre approche RSE : trois axes fondamentaux<\/h2>\n<p>[\/vc_column_text][vc_empty_space height=\u00bb50px\u00bb][vc_row_inner][vc_column_inner width=\u00bb1\/12&#8243;][vc_single_image image=\u00bb5235&#8243; img_size=\u00bb24&#215;24&#8243; alignment=\u00bbright\u00bb css=\u00bb\u00bb][\/vc_column_inner][vc_column_inner width=\u00bb11\/12&#8243;][vc_column_text css=\u00bb\u00bb]<\/p>\n<h3>R\u00e9duire notre empreinte environnementale<\/h3>\n<p style=\"font-weight: 400;\">Apr\u00e8s avoir men\u00e9 \u00e0 bien de multiples chantiers pour r\u00e9duire notre consommation \u00e9nerg\u00e9tique<br \/>\nen \u00e9lectricit\u00e9 et en eau, nous mettons en avant \u00e9galement les initiatives favorisant une mobilit\u00e9<br \/>\nplus verte pour les d\u00e9placements professionnels ou personnels.<\/p>\n<p>[\/vc_column_text][\/vc_column_inner][\/vc_row_inner][vc_empty_space height=\u00bb50&#8243;][vc_row_inner][vc_column_inner width=\u00bb1\/12&#8243;][vc_single_image image=\u00bb4654&#8243; img_size=\u00bb28&#215;28&#8243; alignment=\u00bbright\u00bb css=\u00bb\u00bb][\/vc_column_inner][vc_column_inner width=\u00bb11\/12&#8243;][vc_column_text css=\u00bb\u00bb]<\/p>\n<h3>Am\u00e9liorer le bien-\u00eatre et la qualit\u00e9 de vie au travail<\/h3>\n<p style=\"font-weight: 400;\">Ce pilier a \u00e9t\u00e9 d\u00e9clin\u00e9 sur de nombreux axes tels que l\u2019ergonomie des postes et l\u2019environnement<br \/>\nde travail, la formation et la promotion interne, ou encore l\u2019accompagnement des managers<br \/>\ndans leurs pratiques. Une attention toute particuli\u00e8re a \u00e9t\u00e9 port\u00e9e sur l\u2019organisation du temps de<br \/>\ntravail et une politique ambitieuse a \u00e9t\u00e9 d\u00e9ploy\u00e9e afin de renforcer l\u2019\u00e9quilibre entre la vie priv\u00e9e<br \/>\net la vie professionnelle.<\/p>\n<p>[\/vc_column_text][\/vc_column_inner][\/vc_row_inner][vc_empty_space height=\u00bb50&#8243;][vc_row_inner][vc_column_inner width=\u00bb1\/12&#8243;][vc_single_image image=\u00bb4644&#8243; img_size=\u00bb28&#215;28&#8243; alignment=\u00bbright\u00bb css=\u00bb\u00bb][\/vc_column_inner][vc_column_inner width=\u00bb11\/12&#8243;][vc_column_text css=\u00bb\u00bb]<\/p>\n<h3>Soutenir le d\u00e9veloppement local et les Grandes Causes nationales<\/h3>\n<p style=\"font-weight: 400;\">Chaque ann\u00e9e, nous accompagnons des projets associatifs, culturels ou sportifs port\u00e9s par nos<br \/>\ncollaborateurs. Ces actions viennent compl\u00e9ter toutes les initiatives d\u00e9j\u00e0 en place au travers de<br \/>\nnotre activit\u00e9, notamment celles visant \u00e0 privil\u00e9gier le choix de partenaires locaux et le \u00ab Fabriqu\u00e9<br \/>\nen France \u00bb. Enfin, nous avons \u00e0 c\u0153ur de soutenir les Grandes Causes nationales tels que la<br \/>\npratique du sport, le don du sang ou encore la lutte contre le cancer.<\/p>\n<p>[\/vc_column_text][\/vc_column_inner][\/vc_row_inner][vc_empty_space height=\u00bb100&#8243;][\/vc_column][\/vc_row][vc_row full_width=\u00bbstretch_row\u00bb el_class=\u00bbfond-bleu\u00bb css=\u00bb.vc_custom_1739266135336{padding-top: 45px !important;}\u00bb][vc_column][vc_empty_space][vc_column_text css=\u00bb\u00bb]<\/p>\n<h2 style=\"text-align: center;\" data-pm-slice=\"1 1 []\"><strong>Una iniciativa reconocida:<\/strong><\/h2>\n<h2 data-pm-slice=\"1 1 []\"><\/h2>\n<p>&nbsp;<\/p>\n<h2 style=\"text-align: center;\" data-pm-slice=\"1 1 []\">Estamos en proceso de obtener la certificaci\u00f3n ECOVADIS, lo cual garantiza nuestro compromiso con una empresa m\u00e1s responsable.<\/h2>\n<h2 style=\"text-align: center;\" data-pm-slice=\"1 1 []\">M\u00e1s informaci\u00f3n disponible pr\u00f3ximamente !<\/h2>\n<p>[\/vc_column_text][vc_empty_space][\/vc_column][\/vc_row][vc_row disable_element=\u00bbyes\u00bb][vc_column][vc_empty_space height=\u00bb100&#8243;][\/vc_column][\/vc_row][vc_row content_placement=\u00bbmiddle\u00bb disable_element=\u00bbyes\u00bb][vc_column width=\u00bb3\/6&#8243;][vc_column_text css=\u00bb\u00bb el_class=\u00bbtitre-trait\u00bb]<\/p>\n<h2>Nos actualit\u00e9s<\/h2>\n<p>[\/vc_column_text][vc_column_text css=\u00bb\u00bb][\/vc_column_text][\/vc_column][\/vc_row][vc_row][vc_column][vc_empty_space height=\u00bb100&#8243;][\/vc_column][\/vc_row][vc_row css=\u00bb.vc_custom_1738751367647{background-image: url(https:\/\/www.selenium-medical.com\/wp-content\/uploads\/2025\/02\/background-decouvrez.png?id=633) !important;}\u00bb el_class=\u00bbdiscover-more\u00bb][vc_column][vc_column_text css=\u00bb\u00bb]<\/p>\n<h2 style=\"text-align: center;\"><strong>\u00bfQui\u00e9nes somos?<\/strong><\/h2>\n<p style=\"text-align: center;\">Descubra nuestra empresa, nuestros valores y la misi\u00f3n que gu\u00eda nuestras actividades diarias.<\/p>\n<p>[\/vc_column_text][vc_btn title=\u00bbDescubrir nuestra empresa\u00bb align=\u00bbcenter\u00bb css=\u00bb\u00bb link=\u00bburl:https%3A%2F%2Fwww.selenium-medical.com%2Fes%2Fnuestra-empresa%2F|title:Les%20innovations\u00bb][\/vc_column][\/vc_row][vc_row][vc_column][vc_empty_space height=\u00bb100&#8243;][\/vc_column][\/vc_row]<\/p>\n<\/div>","protected":false},"excerpt":{"rendered":"<p>[vc_row][vc_column][vc_empty_space height=\u00bb50&#8243;][\/vc_column][\/vc_row][vc_row gap=\u00bb35&#8243; content_placement=\u00bbmiddle\u00bb][vc_column width=\u00bb1\/2&#8243;][vc_column_text css=\u00bb\u00bb el_class=\u00bbtitre-trait\u00bb] Nuestro planteamiento y compromisos en materia de RSE &nbsp; Como actor de primer nivel en el mundo de la subcontrataci\u00f3n para el sector sanitario, la Responsabilidad Social Empresarial (RSE) no es una simple formalidad, sino una verdadera l\u00ednea de conducta. Plenamente conscientes de nuestro rol e impacto, nos [&hellip;]<\/p>\n","protected":false},"author":2,"featured_media":5215,"parent":7331,"menu_order":0,"comment_status":"closed","ping_status":"closed","template":"","meta":{"_acf_changed":false,"inline_featured_image":false,"footnotes":""},"class_list":["post-7340","page","type-page","status-publish","has-post-thumbnail","hentry"],"acf":[],"yoast_head":"<!-- This site is optimized with the Yoast SEO plugin v27.4 - https:\/\/yoast.com\/product\/yoast-seo-wordpress\/ -->\n<title>Pol\u00edtica de RSE - Selenium Medical<\/title>\n<meta name=\"robots\" content=\"index, follow, max-snippet:-1, max-image-preview:large, max-video-preview:-1\" \/>\n<link rel=\"canonical\" href=\"https:\/\/www.selenium-medical.com\/es\/nuestra-empresa\/politica-de-rse\/\" \/>\n<meta property=\"og:locale\" content=\"es_ES\" \/>\n<meta property=\"og:type\" content=\"article\" \/>\n<meta property=\"og:title\" content=\"Pol\u00edtica de RSE - Selenium Medical\" \/>\n<meta property=\"og:description\" content=\"[vc_row][vc_column][vc_empty_space height=\u00bb50&#8243;][\/vc_column][\/vc_row][vc_row gap=\u00bb35&#8243; content_placement=\u00bbmiddle\u00bb][vc_column width=\u00bb1\/2&#8243;][vc_column_text css=\u00bb\u00bb el_class=\u00bbtitre-trait\u00bb] Nuestro planteamiento y compromisos en materia de RSE &nbsp; Como actor de primer nivel en el mundo de la subcontrataci\u00f3n para el sector sanitario, la Responsabilidad Social Empresarial (RSE) no es una simple formalidad, sino una verdadera l\u00ednea de conducta. Plenamente conscientes de nuestro rol e impacto, nos [&hellip;]\" \/>\n<meta property=\"og:url\" content=\"https:\/\/www.selenium-medical.com\/es\/nuestra-empresa\/politica-de-rse\/\" \/>\n<meta property=\"og:site_name\" content=\"Selenium Medical\" \/>\n<meta property=\"article:modified_time\" content=\"2025-12-24T15:21:44+00:00\" \/>\n<meta property=\"og:image\" content=\"https:\/\/www.selenium-medical.com\/wp-content\/uploads\/2025\/02\/ivan-bandura-hqnUYXsN5oY-unsplash-scaled.jpg\" \/>\n\t<meta property=\"og:image:width\" content=\"1152\" \/>\n\t<meta property=\"og:image:height\" content=\"2048\" \/>\n\t<meta property=\"og:image:type\" content=\"image\/jpeg\" \/>\n<meta name=\"twitter:card\" content=\"summary_large_image\" \/>\n<meta name=\"twitter:label1\" content=\"Tiempo de lectura\" \/>\n\t<meta name=\"twitter:data1\" content=\"7 minutos\" \/>\n<script type=\"application\/ld+json\" class=\"yoast-schema-graph\">{\"@context\":\"https:\\\/\\\/schema.org\",\"@graph\":[{\"@type\":\"WebPage\",\"@id\":\"https:\\\/\\\/www.selenium-medical.com\\\/es\\\/nuestra-empresa\\\/politica-de-rse\\\/\",\"url\":\"https:\\\/\\\/www.selenium-medical.com\\\/es\\\/nuestra-empresa\\\/politica-de-rse\\\/\",\"name\":\"Pol\u00edtica de RSE - Selenium Medical\",\"isPartOf\":{\"@id\":\"https:\\\/\\\/www.selenium-medical.com\\\/es\\\/#website\"},\"primaryImageOfPage\":{\"@id\":\"https:\\\/\\\/www.selenium-medical.com\\\/es\\\/nuestra-empresa\\\/politica-de-rse\\\/#primaryimage\"},\"image\":{\"@id\":\"https:\\\/\\\/www.selenium-medical.com\\\/es\\\/nuestra-empresa\\\/politica-de-rse\\\/#primaryimage\"},\"thumbnailUrl\":\"https:\\\/\\\/www.selenium-medical.com\\\/wp-content\\\/uploads\\\/2025\\\/02\\\/ivan-bandura-hqnUYXsN5oY-unsplash-scaled.jpg\",\"datePublished\":\"2025-02-10T07:27:59+00:00\",\"dateModified\":\"2025-12-24T15:21:44+00:00\",\"breadcrumb\":{\"@id\":\"https:\\\/\\\/www.selenium-medical.com\\\/es\\\/nuestra-empresa\\\/politica-de-rse\\\/#breadcrumb\"},\"inLanguage\":\"es\",\"potentialAction\":[{\"@type\":\"ReadAction\",\"target\":[\"https:\\\/\\\/www.selenium-medical.com\\\/es\\\/nuestra-empresa\\\/politica-de-rse\\\/\"]}]},{\"@type\":\"ImageObject\",\"inLanguage\":\"es\",\"@id\":\"https:\\\/\\\/www.selenium-medical.com\\\/es\\\/nuestra-empresa\\\/politica-de-rse\\\/#primaryimage\",\"url\":\"https:\\\/\\\/www.selenium-medical.com\\\/wp-content\\\/uploads\\\/2025\\\/02\\\/ivan-bandura-hqnUYXsN5oY-unsplash-scaled.jpg\",\"contentUrl\":\"https:\\\/\\\/www.selenium-medical.com\\\/wp-content\\\/uploads\\\/2025\\\/02\\\/ivan-bandura-hqnUYXsN5oY-unsplash-scaled.jpg\",\"width\":1152,\"height\":2048},{\"@type\":\"BreadcrumbList\",\"@id\":\"https:\\\/\\\/www.selenium-medical.com\\\/es\\\/nuestra-empresa\\\/politica-de-rse\\\/#breadcrumb\",\"itemListElement\":[{\"@type\":\"ListItem\",\"position\":1,\"name\":\"Inicio\",\"item\":\"https:\\\/\\\/www.selenium-medical.com\\\/es\\\/\"},{\"@type\":\"ListItem\",\"position\":2,\"name\":\"Empresa\",\"item\":\"https:\\\/\\\/www.selenium-medical.com\\\/es\\\/nuestra-empresa\\\/\"},{\"@type\":\"ListItem\",\"position\":3,\"name\":\"Pol\u00edtica de RSE\"}]},{\"@type\":\"WebSite\",\"@id\":\"https:\\\/\\\/www.selenium-medical.com\\\/es\\\/#website\",\"url\":\"https:\\\/\\\/www.selenium-medical.com\\\/es\\\/\",\"name\":\"Selenium Medical\",\"description\":\"\",\"potentialAction\":[{\"@type\":\"SearchAction\",\"target\":{\"@type\":\"EntryPoint\",\"urlTemplate\":\"https:\\\/\\\/www.selenium-medical.com\\\/es\\\/?s={search_term_string}\"},\"query-input\":{\"@type\":\"PropertyValueSpecification\",\"valueRequired\":true,\"valueName\":\"search_term_string\"}}],\"inLanguage\":\"es\"}]}<\/script>\n<!-- \/ Yoast SEO plugin. -->","yoast_head_json":{"title":"Pol\u00edtica de RSE - Selenium Medical","robots":{"index":"index","follow":"follow","max-snippet":"max-snippet:-1","max-image-preview":"max-image-preview:large","max-video-preview":"max-video-preview:-1"},"canonical":"https:\/\/www.selenium-medical.com\/es\/nuestra-empresa\/politica-de-rse\/","og_locale":"es_ES","og_type":"article","og_title":"Pol\u00edtica de RSE - Selenium Medical","og_description":"[vc_row][vc_column][vc_empty_space height=\u00bb50&#8243;][\/vc_column][\/vc_row][vc_row gap=\u00bb35&#8243; content_placement=\u00bbmiddle\u00bb][vc_column width=\u00bb1\/2&#8243;][vc_column_text css=\u00bb\u00bb el_class=\u00bbtitre-trait\u00bb] Nuestro planteamiento y compromisos en materia de RSE &nbsp; Como actor de primer nivel en el mundo de la subcontrataci\u00f3n para el sector sanitario, la Responsabilidad Social Empresarial (RSE) no es una simple formalidad, sino una verdadera l\u00ednea de conducta. Plenamente conscientes de nuestro rol e impacto, nos [&hellip;]","og_url":"https:\/\/www.selenium-medical.com\/es\/nuestra-empresa\/politica-de-rse\/","og_site_name":"Selenium Medical","article_modified_time":"2025-12-24T15:21:44+00:00","og_image":[{"width":1152,"height":2048,"url":"https:\/\/www.selenium-medical.com\/wp-content\/uploads\/2025\/02\/ivan-bandura-hqnUYXsN5oY-unsplash-scaled.jpg","type":"image\/jpeg"}],"twitter_card":"summary_large_image","twitter_misc":{"Tiempo de lectura":"7 minutos"},"schema":{"@context":"https:\/\/schema.org","@graph":[{"@type":"WebPage","@id":"https:\/\/www.selenium-medical.com\/es\/nuestra-empresa\/politica-de-rse\/","url":"https:\/\/www.selenium-medical.com\/es\/nuestra-empresa\/politica-de-rse\/","name":"Pol\u00edtica de RSE - Selenium Medical","isPartOf":{"@id":"https:\/\/www.selenium-medical.com\/es\/#website"},"primaryImageOfPage":{"@id":"https:\/\/www.selenium-medical.com\/es\/nuestra-empresa\/politica-de-rse\/#primaryimage"},"image":{"@id":"https:\/\/www.selenium-medical.com\/es\/nuestra-empresa\/politica-de-rse\/#primaryimage"},"thumbnailUrl":"https:\/\/www.selenium-medical.com\/wp-content\/uploads\/2025\/02\/ivan-bandura-hqnUYXsN5oY-unsplash-scaled.jpg","datePublished":"2025-02-10T07:27:59+00:00","dateModified":"2025-12-24T15:21:44+00:00","breadcrumb":{"@id":"https:\/\/www.selenium-medical.com\/es\/nuestra-empresa\/politica-de-rse\/#breadcrumb"},"inLanguage":"es","potentialAction":[{"@type":"ReadAction","target":["https:\/\/www.selenium-medical.com\/es\/nuestra-empresa\/politica-de-rse\/"]}]},{"@type":"ImageObject","inLanguage":"es","@id":"https:\/\/www.selenium-medical.com\/es\/nuestra-empresa\/politica-de-rse\/#primaryimage","url":"https:\/\/www.selenium-medical.com\/wp-content\/uploads\/2025\/02\/ivan-bandura-hqnUYXsN5oY-unsplash-scaled.jpg","contentUrl":"https:\/\/www.selenium-medical.com\/wp-content\/uploads\/2025\/02\/ivan-bandura-hqnUYXsN5oY-unsplash-scaled.jpg","width":1152,"height":2048},{"@type":"BreadcrumbList","@id":"https:\/\/www.selenium-medical.com\/es\/nuestra-empresa\/politica-de-rse\/#breadcrumb","itemListElement":[{"@type":"ListItem","position":1,"name":"Inicio","item":"https:\/\/www.selenium-medical.com\/es\/"},{"@type":"ListItem","position":2,"name":"Empresa","item":"https:\/\/www.selenium-medical.com\/es\/nuestra-empresa\/"},{"@type":"ListItem","position":3,"name":"Pol\u00edtica de RSE"}]},{"@type":"WebSite","@id":"https:\/\/www.selenium-medical.com\/es\/#website","url":"https:\/\/www.selenium-medical.com\/es\/","name":"Selenium Medical","description":"","potentialAction":[{"@type":"SearchAction","target":{"@type":"EntryPoint","urlTemplate":"https:\/\/www.selenium-medical.com\/es\/?s={search_term_string}"},"query-input":{"@type":"PropertyValueSpecification","valueRequired":true,"valueName":"search_term_string"}}],"inLanguage":"es"}]}},"_links":{"self":[{"href":"https:\/\/www.selenium-medical.com\/es\/wp-json\/wp\/v2\/pages\/7340","targetHints":{"allow":["GET"]}}],"collection":[{"href":"https:\/\/www.selenium-medical.com\/es\/wp-json\/wp\/v2\/pages"}],"about":[{"href":"https:\/\/www.selenium-medical.com\/es\/wp-json\/wp\/v2\/types\/page"}],"author":[{"embeddable":true,"href":"https:\/\/www.selenium-medical.com\/es\/wp-json\/wp\/v2\/users\/2"}],"replies":[{"embeddable":true,"href":"https:\/\/www.selenium-medical.com\/es\/wp-json\/wp\/v2\/comments?post=7340"}],"version-history":[{"count":7,"href":"https:\/\/www.selenium-medical.com\/es\/wp-json\/wp\/v2\/pages\/7340\/revisions"}],"predecessor-version":[{"id":7524,"href":"https:\/\/www.selenium-medical.com\/es\/wp-json\/wp\/v2\/pages\/7340\/revisions\/7524"}],"up":[{"embeddable":true,"href":"https:\/\/www.selenium-medical.com\/es\/wp-json\/wp\/v2\/pages\/7331"}],"wp:featuredmedia":[{"embeddable":true,"href":"https:\/\/www.selenium-medical.com\/es\/wp-json\/wp\/v2\/media\/5215"}],"wp:attachment":[{"href":"https:\/\/www.selenium-medical.com\/es\/wp-json\/wp\/v2\/media?parent=7340"}],"curies":[{"name":"wp","href":"https:\/\/api.w.org\/{rel}","templated":true}]}}